{"version":"1.0","provider_name":"Ruralgia Blog","provider_url":"https:\/\/www.ruralgia.com\/blog","author_name":"admin","author_url":"https:\/\/www.ruralgia.com\/blog\/author\/admin\/","title":"Feira do Cap\u00f3n 2013 Vilalba - Ruralgia Blog","type":"rich","width":600,"height":338,"html":"<blockquote class=\"wp-embedded-content\" data-secret=\"XkwWMUNxRH\"><a href=\"https:\/\/www.ruralgia.com\/blog\/feira-do-capon-2013-vilalba\/\">Feira do Cap\u00f3n 2013 Vilalba<\/a><\/blockquote><iframe sandbox=\"allow-scripts\" security=\"restricted\" src=\"https:\/\/www.ruralgia.com\/blog\/feira-do-capon-2013-vilalba\/embed\/#?secret=XkwWMUNxRH\" width=\"600\" height=\"338\" title=\"\u00abFeira do Cap\u00f3n 2013 Vilalba\u00bb \u2014 Ruralgia Blog\" data-secret=\"XkwWMUNxRH\" frameborder=\"0\" marginwidth=\"0\" marginheight=\"0\" scrolling=\"no\" class=\"wp-embedded-content\"><\/iframe><script type=\"text\/javascript\">\n\/* <![CDATA[ *\/\n\/*! This file is auto-generated *\/\n!function(d,l){\"use strict\";l.querySelector&&d.addEventListener&&\"undefined\"!=typeof URL&&(d.wp=d.wp||{},d.wp.receiveEmbedMessage||(d.wp.receiveEmbedMessage=function(e){var t=e.data;if((t||t.secret||t.message||t.value)&&!\/[^a-zA-Z0-9]\/.test(t.secret)){for(var s,r,n,a=l.querySelectorAll('iframe[data-secret=\"'+t.secret+'\"]'),o=l.querySelectorAll('blockquote[data-secret=\"'+t.secret+'\"]'),c=new RegExp(\"^https?:$\",\"i\"),i=0;i<o.length;i++)o[i].style.display=\"none\";for(i=0;i<a.length;i++)s=a[i],e.source===s.contentWindow&&(s.removeAttribute(\"style\"),\"height\"===t.message?(1e3<(r=parseInt(t.value,10))?r=1e3:~~r<200&&(r=200),s.height=r):\"link\"===t.message&&(r=new URL(s.getAttribute(\"src\")),n=new URL(t.value),c.test(n.protocol))&&n.host===r.host&&l.activeElement===s&&(d.top.location.href=t.value))}},d.addEventListener(\"message\",d.wp.receiveEmbedMessage,!1),l.addEventListener(\"DOMContentLoaded\",function(){for(var e,t,s=l.querySelectorAll(\"iframe.wp-embedded-content\"),r=0;r<s.length;r++)(t=(e=s[r]).getAttribute(\"data-secret\"))||(t=Math.random().toString(36).substring(2,12),e.src+=\"#?secret=\"+t,e.setAttribute(\"data-secret\",t)),e.contentWindow.postMessage({message:\"ready\",secret:t},\"*\")},!1)))}(window,document);\n\/* ]]> *\/\n<\/script>\n","thumbnail_url":"https:\/\/www.ruralgia.com\/blog\/wp-content\/uploads\/2013\/12\/Captura.jpg","thumbnail_width":408,"thumbnail_height":543,"description":"La poblaci\u00f3n de Vilalba en la provincia de Lugo, se prepara para celebrar el pr\u00f3ximo d\u00eda 21 de Diciembre la\u00a0Feira do Cap\u00f3n en el recinto ferial de la Plaza de la Constituci\u00f3n. Feria a la que acuden cada a\u00f1o compradores &hellip; Sigue leyendo &rarr;"}